{"id":13,"date":"2017-01-20T16:37:08","date_gmt":"2017-01-20T15:37:08","guid":{"rendered":"http:\/\/www.regionalrock.ch\/?page_id=13"},"modified":"2017-01-20T16:37:08","modified_gmt":"2017-01-20T15:37:08","slug":"historique","status":"publish","type":"page","link":"https:\/\/www.regionalrock.ch\/index.php\/historique\/","title":{"rendered":"Historique"},"content":{"rendered":"<div class=\"csc-header csc-header-n1\">Historique, de 1981 \u00e0 aujourd&rsquo;hui.<\/div>\n<p class=\"align-justify\">Le R\u00e9gional Rock est apparu pour la premi\u00e8re fois durant le mouvement \u00ab\u00a0L\u00f4sane bouge\u00a0\u00bb. En effet, en 1979 d\u00e9j\u00e0, le Centre de loisirs des Bergi\u00e8res, sous l&rsquo;impulsion de l\u2019animateur G\u00e9rard Leuba, proposait l&rsquo;une des rares sc\u00e8nes du rock lausannois, bravant ainsi la mauvaise humeur des autorit\u00e9s et des habitants du quartier, qui trouvaient l&rsquo;endroit un peu trop agit\u00e9 et bruyant. Petit \u00e0 petit, le lieu est devenu une r\u00e9f\u00e9rence, les groupes et les demandes pour des locaux de r\u00e9p\u00e9titions se sont multipli\u00e9s. C&rsquo;est l\u00e0 qu&rsquo;a germ\u00e9 l&rsquo;id\u00e9e du R\u00e9gional Rock, visant \u00e0 donner la possibilit\u00e9 \u00e0 tous ces groupes qui souvent se terrent dans des caves ou des abris antiatomiques de crier leur rage de vivre, de s&rsquo;exprimer en pleine lumi\u00e8re devant un public venu les d\u00e9couvrir.<\/p>\n<blockquote>\n<p class=\"bodytext\">\n<i>\u00a0\u00bb Ce festival \u00e0 pour but de donner une premi\u00e8re occasion de se retrouver sur les planches dans des conditions id\u00e9ales, quasi professionnelles, avec une sono et un light. Du jamais v\u00e9cu pour une bonne partie des groupes qui vont se produire \u00e0 cette occasion. La manifestation se fonde sur un principe d&rsquo;autant plus original qu&rsquo;elle exclut toute id\u00e9e de concours. Le groupe tent\u00e9 par une exp\u00e9rience se contente d&rsquo;envoyer une cassette d\u00e9mo aux organisateurs qui retiennent les combos selon divers crit\u00e8res : un minimum de technique, des compositions teint\u00e9es d&rsquo;un brin d&rsquo;originalit\u00e9, de petit truc qui accroche, qui atteste le coup de patte singulier\u2026Le groupe peut \u00eatre rassur\u00e9, l&rsquo;enregistrement bas de gamme sur un vieux quatre pistes ne les pr\u00e9t\u00e9rite nullement, pas plus qu&rsquo;une pr\u00e9sentation minimale sur cassette, du reste. Ici, le disque ne saurait \u00eatre un crit\u00e8re de s\u00e9lection, on se d\u00e9marque de cette politique luxueuse que pratiquent bient\u00f4t tous les clubs\u2026.\u00a0\u00bb<\/i><\/p>\n<\/blockquote>\n<p class=\"bodytext\">\nLe festival \u00e9tait donc lanc\u00e9. Les premiers groupes sur sc\u00e8ne qui arboraient des styles totalement h\u00e9t\u00e9roclites se nommaient Jannis, Rock Farmers Band, Erebus, HLM, Prysm, Empire et Sam Franck.<br \/>\nUn quart de si\u00e8cle plus tard\u2026<br \/>\nAvec le passage de plus de 150 groupes, dont certains auront longtemps marqu\u00e9 la sc\u00e8ne lausannoise, tels que Sam Blunier, Maladie Honteuz, Quartier Interdit, Taboo, Cosa Nostram, P.M.T et les Favez, le R\u00e9gional Rock a pris de l\u2019ampleur et est devenu de plus en plus vivant\u00a0!<\/p>\n<blockquote>\n<p class=\"bodytext\"><i><br \/>\n\u00ab\u00a0Que ce soit au niveau du R\u00e9gional Rock dont la formule n&rsquo;a pas chang\u00e9 et qui se veut toujours un premier tremplin pour les jeunes formations, ou lors des soir\u00e9es isol\u00e9es,( actuellement au centre d&rsquo;animation de Grand Vennes), l&rsquo;avenir s&rsquo;y joue \u00e0 coups de d\u00e9cibels toujours plus savants. V\u00e9ritable carrefour des artistes de demain, le palmar\u00e8s du R\u00e9gional Rock est \u00e9loquent. Tous les groupes majeurs de la sc\u00e8ne lausannoise ont pass\u00e9 par la sc\u00e8ne des Bergi\u00e8res et celle de Grand Vennes actuellement. Il est \u00e9vident d\u00e8s lors que le R\u00e9gional Rock et les Bergi\u00e8res n&rsquo;ont pas seulement co-\u00e9crit les plus belles pages de l&rsquo;histoire du rock local. Ce lieu est plus que jamais un point n\u00e9vralgique de la sc\u00e8ne lausannoise et romande en g\u00e9n\u00e9ral, vivier de talents et d&rsquo;espoirs\u2026\u00a0\u00bb <\/i><\/p>\n<\/blockquote>\n<p class=\"bodytext\">\nMalgr\u00e9 la multiplication des lieux de concerts et des festivals, le R\u00e9gional Rock d\u00e9montre chaque ann\u00e9e la pertinence de son existence, qui reste une des seules v\u00e9ritables manifestations d\u2019envergure pour la sc\u00e8ne locale d\u00e9butante. Il prouve alors encore toute sa force et affirme sa vocation de d\u00e9couvreur. Par ailleurs, l\u2019association TROCK, qui cherche \u00e0 promouvoir les musiques romandes, et qui est un relais entre les partenaires (groupes, salles, sponsors, m\u00e9dias,\u2026) est un partenaire r\u00e9gulier.<\/p>\n<blockquote>\n<p class=\"bodytext\">\n*tir\u00e9 de \u00ab\u00a0L&rsquo;officiel du rock\u00a0\u00bb &#8211; association Action CH.Rock<\/p>\n<\/blockquote>\n","protected":false},"excerpt":{"rendered":"<p>Historique, de 1981 \u00e0 aujourd&rsquo;hui. Le R\u00e9gional Rock est apparu pour la premi\u00e8re fois durant le mouvement \u00ab\u00a0L\u00f4sane bouge\u00a0\u00bb. En effet, en 1979 d\u00e9j\u00e0, le Centre de loisirs des Bergi\u00e8res, sous l&rsquo;impulsion de l\u2019animateur G\u00e9rard Leuba, proposait l&rsquo;une des rares sc\u00e8nes du rock lausannois, bravant <span class=\"read-more\"><a class=\"more-link btn btn-transparent\" href=\"https:\/\/www.regionalrock.ch\/index.php\/historique\/\">Read More &#8230;<\/a><\/span><\/p>\n","protected":false},"author":1,"featured_media":0,"parent":0,"menu_order":0,"comment_status":"closed","ping_status":"closed","template":"","meta":{"jetpack_post_was_ever_published":false,"footnotes":""},"class_list":["post-13","page","type-page","status-publish","hentry"],"jetpack_sharing_enabled":true,"jetpack_shortlink":"https:\/\/wp.me\/P8H9R3-d","_links":{"self":[{"href":"https:\/\/www.regionalrock.ch\/index.php\/wp-json\/wp\/v2\/pages\/13","targetHints":{"allow":["GET"]}}],"collection":[{"href":"https:\/\/www.regionalrock.ch\/index.php\/wp-json\/wp\/v2\/pages"}],"about":[{"href":"https:\/\/www.regionalrock.ch\/index.php\/wp-json\/wp\/v2\/types\/page"}],"author":[{"embeddable":true,"href":"https:\/\/www.regionalrock.ch\/index.php\/wp-json\/wp\/v2\/users\/1"}],"replies":[{"embeddable":true,"href":"https:\/\/www.regionalrock.ch\/index.php\/wp-json\/wp\/v2\/comments?post=13"}],"version-history":[{"count":2,"href":"https:\/\/www.regionalrock.ch\/index.php\/wp-json\/wp\/v2\/pages\/13\/revisions"}],"predecessor-version":[{"id":15,"href":"https:\/\/www.regionalrock.ch\/index.php\/wp-json\/wp\/v2\/pages\/13\/revisions\/15"}],"wp:attachment":[{"href":"https:\/\/www.regionalrock.ch\/index.php\/wp-json\/wp\/v2\/media?parent=13"}],"curies":[{"name":"wp","href":"https:\/\/api.w.org\/{rel}","templated":true}]}}